{"id":126,"date":"2023-12-27T15:47:32","date_gmt":"2023-12-27T14:47:32","guid":{"rendered":"http:\/\/www.chroniquesaubieroises.fr\/?page_id=126"},"modified":"2024-01-21T14:41:22","modified_gmt":"2024-01-21T13:41:22","slug":"chroniques-genealogiques-familiales","status":"publish","type":"page","link":"https:\/\/www.chroniquesaubieroises.fr\/index.php\/chroniques-genealogiques-familiales\/","title":{"rendered":"Chroniques G\u00e9n\u00e9alogiques et Familiales"},"content":{"rendered":"<ul class=\"wp-block-latest-posts__list has-dates wp-block-latest-posts\"><li><a class=\"wp-block-latest-posts__post-title\" href=\"https:\/\/www.chroniquesaubieroises.fr\/index.php\/2026\/03\/27\/les-jallat-ces-meuniers\/\">Les Jallat, ces meuniers<\/a><time datetime=\"2026-03-27T10:05:14+01:00\" class=\"wp-block-latest-posts__post-date\">27 mars 2026<\/time><div class=\"wp-block-latest-posts__post-excerpt\">Une dynastie saupoudr\u00e9e de farines. Des hauts, des bas et des revers de fortune pendant trois si\u00e8cles&#8230; <\/div><\/li>\n<li><a class=\"wp-block-latest-posts__post-title\" href=\"https:\/\/www.chroniquesaubieroises.fr\/index.php\/2026\/01\/30\/une-ecole-bellecour-a-aubiere\/\">Une \u00e9cole Bellecour \u00e0 Aubi\u00e8re<\/a><time datetime=\"2026-01-30T09:45:03+01:00\" class=\"wp-block-latest-posts__post-date\">30 janvier 2026<\/time><div class=\"wp-block-latest-posts__post-excerpt\">Fouiller des archives r\u00e9serve toujours des surprises. C\u2019est ce qui m\u2019est arriv\u00e9, il y a quelques semaines, quand j\u2019ai d\u00e9couvert dans une enveloppe une photographie de 1943 d\u00e9chir\u00e9e en plusieurs morceaux&#8230;<\/div><\/li>\n<li><a class=\"wp-block-latest-posts__post-title\" href=\"https:\/\/www.chroniquesaubieroises.fr\/index.php\/2025\/12\/26\/un-demi-siecle-de-menus-aubierois\/\">Un demi-si\u00e8cle de menus aubi\u00e9rois !<\/a><time datetime=\"2025-12-26T14:14:13+01:00\" class=\"wp-block-latest-posts__post-date\">26 d\u00e9cembre 2025<\/time><div class=\"wp-block-latest-posts__post-excerpt\">De 1900 \u00e0 1960 environ, ils ont fait chanter les papilles de nos anc\u00eatres lors de banquets, mariages et autres repas festifs. Je vous laisse appr\u00e9cier l\u2019app\u00e9tit pantagru\u00e9lique de nos grands-m\u00e8res et grands-p\u00e8res dans la premi\u00e8re moiti\u00e9 du si\u00e8cle dernier&#8230;<\/div><\/li>\n<li><a class=\"wp-block-latest-posts__post-title\" href=\"https:\/\/www.chroniquesaubieroises.fr\/index.php\/2025\/10\/31\/les-fondations-des-aubierois\/\">Les Fondations des Aubi\u00e9rois<\/a><time datetime=\"2025-10-31T09:47:25+01:00\" class=\"wp-block-latest-posts__post-date\">31 octobre 2025<\/time><div class=\"wp-block-latest-posts__post-excerpt\">Il fut un temps, et notamment entre 1580 et 1750 environ, o\u00f9 les Aubi\u00e9rois, un peu ais\u00e9s, avaient coutume de se faire enterrer \u00e0 l\u2019int\u00e9rieur de l&rsquo;\u00e9glise romane de la paroisse. La Fabrique et le cur\u00e9 y voyaient un bon moyen d\u2019assurer l\u2019entretien et les travaux d\u2019agrandissement de la dite \u00e9glise&#8230;<\/div><\/li>\n<li><a class=\"wp-block-latest-posts__post-title\" href=\"https:\/\/www.chroniquesaubieroises.fr\/index.php\/2025\/10\/17\/un-aubierois-a-la-bataille-dalbuera-1811\/\">Un Aubi\u00e9rois \u00e0 la bataille d&rsquo;Albuera (1811)<\/a><time datetime=\"2025-10-17T09:59:29+02:00\" class=\"wp-block-latest-posts__post-date\">17 octobre 2025<\/time><div class=\"wp-block-latest-posts__post-excerpt\">Dans la Province de Badajoz en Estr\u00e9madure. Il y a un peu plus de 200 ans, le mar\u00e9chal Soult de l\u2019arm\u00e9e de Napol\u00e9on 1er d\u00e9cidait d\u2019attaquer les Alli\u00e9s Espagnols, Anglais et Portugais pr\u00e8s d\u2019un petit village travers\u00e9 par le rio Albuera. Le destin d\u2019un Aubi\u00e9rois va le conduire jusqu\u2019\u00e0 ce 16 mai 1811.<\/div><\/li>\n<li><a class=\"wp-block-latest-posts__post-title\" href=\"https:\/\/www.chroniquesaubieroises.fr\/index.php\/2025\/09\/26\/1577_un-aubierois-a-montferrand\/\">1577_Un Aubi\u00e9rois \u00e0 Montferrand<\/a><time datetime=\"2025-09-26T10:01:27+02:00\" class=\"wp-block-latest-posts__post-date\">26 septembre 2025<\/time><div class=\"wp-block-latest-posts__post-excerpt\">Aubi\u00e8re et Montferrand, deux paroisses qui se c\u00f4toient, l\u2019une contre l\u2019autre,\nterroirs contre terroirs, Sauzes et Varennes contre Grenouiller et Beaulieu.\nJe vous en ai parl\u00e9 longuement d\u00e9j\u00e0. Les liens sont forts et multis\u00e9culaires.\nDans cette seconde moiti\u00e9 du XVI \u00e8me si\u00e8cle, une guerre de religion\nenflamme le royaume. Montferrand, la ville du Roi, est au c\u0153ur du conflit.<\/div><\/li>\n<li><a class=\"wp-block-latest-posts__post-title\" href=\"https:\/\/www.chroniquesaubieroises.fr\/index.php\/2025\/08\/22\/un-legs-pour-une-rose\/\">Un legs pour une&#8230; Rose<\/a><time datetime=\"2025-08-22T10:31:33+02:00\" class=\"wp-block-latest-posts__post-date\">22 ao\u00fbt 2025<\/time><div class=\"wp-block-latest-posts__post-excerpt\">Le document retrace l&rsquo;histoire de Marguerite Th\u00e9ringaud et son legs \u00e0 la commune d&rsquo;Aubi\u00e8re, incluant des dispositions pour un jardin public et un prix pour les jeunes filles m\u00e9ritantes. Le futur des rosi\u00e8res d\u2019Aubi\u00e8re est \u00e9galement \u00e9voqu\u00e9&#8230;<\/div><\/li>\n<li><a class=\"wp-block-latest-posts__post-title\" href=\"https:\/\/www.chroniquesaubieroises.fr\/index.php\/2025\/07\/15\/la-tonne-enchantee\/\">La tonne enchant\u00e9e&#8230;<\/a><time datetime=\"2025-07-15T10:21:32+02:00\" class=\"wp-block-latest-posts__post-date\">15 juillet 2025<\/time><div class=\"wp-block-latest-posts__post-excerpt\">Nos vignerons s&rsquo;ennuyaient-ils lors des longues journ\u00e9es pass\u00e9es courb\u00e9s sur les ceps ? Nul ne s&rsquo;en souvient mais des \u00ab\u00a0esprits\u00a0\u00bb malins\u00a0\u00bb ou des lutins anim\u00e8rent leur ennui&#8230;<\/div><\/li>\n<li><a class=\"wp-block-latest-posts__post-title\" href=\"https:\/\/www.chroniquesaubieroises.fr\/index.php\/2025\/06\/28\/turgon-ces-marechaux\/\">Turgon, ces mar\u00e9chaux<\/a><time datetime=\"2025-06-28T12:02:59+02:00\" class=\"wp-block-latest-posts__post-date\">28 juin 2025<\/time><div class=\"wp-block-latest-posts__post-excerpt\">Ce document retrace l&rsquo;histoire de la famille Turgon, mar\u00e9chaux \u00e0 Aubi\u00e8re, en d\u00e9taillant leurs origines, leur descendance et leur profession.<\/div><\/li>\n<li><a class=\"wp-block-latest-posts__post-title\" href=\"https:\/\/www.chroniquesaubieroises.fr\/index.php\/2025\/05\/15\/les-cordonniers-daubiere\/\">Les cordonniers d&rsquo;Aubi\u00e8re<\/a><time datetime=\"2025-05-15T11:44:13+02:00\" class=\"wp-block-latest-posts__post-date\">15 mai 2025<\/time><div class=\"wp-block-latest-posts__post-excerpt\">Un proc\u00e9d\u00e9 du travail du cuir, apport\u00e9 en Espagne par les Arabes, d\u00e8s l&rsquo;\u00e9poque carolingienne, allait r\u00e9volutionner leur profession&#8230;<\/div><\/li>\n<li><a class=\"wp-block-latest-posts__post-title\" href=\"https:\/\/www.chroniquesaubieroises.fr\/index.php\/2025\/02\/28\/1757_inventaire-des-chateaux-de-cournon-et-de-sarlieve\/\">1757_Inventaire des ch\u00e2teaux de Cournon et de Sarli\u00e8ve<\/a><time datetime=\"2025-02-28T10:55:08+01:00\" class=\"wp-block-latest-posts__post-date\">28 f\u00e9vrier 2025<\/time><div class=\"wp-block-latest-posts__post-excerpt\">Au cr\u00e9puscule de sa vie, le seigneur de Strada, fait l&rsquo;inventaire de ses ch\u00e2teaux de Cournon et de Sarli\u00e8ve. Inventaire \u00e0 la Pr\u00e9vert ? Dans tous les cas, les inventaires de nos anc\u00eatres sont bien insignifiants&#8230; Nous allons rentrer dans le monde de la noblesse.<\/div><\/li>\n<li><a class=\"wp-block-latest-posts__post-title\" href=\"https:\/\/www.chroniquesaubieroises.fr\/index.php\/2024\/12\/27\/le-metier-de-notaire-et-les-notaires-aubierois\/\">Le m\u00e9tier de notaire et les notaires aubi\u00e9rois<\/a><time datetime=\"2024-12-27T17:06:53+01:00\" class=\"wp-block-latest-posts__post-date\">27 d\u00e9cembre 2024<\/time><div class=\"wp-block-latest-posts__post-excerpt\">Aujourd\u2019hui, les personnes d\u2019un niveau moyen et, qui plus est, celles qui n\u2019ont pas ou peu de biens, ne vont que tr\u00e8s rarement devant un notaire voire pas du tout. Jusqu\u2019au XIX\u00e8me si\u00e8cle, et encore plus avant la R\u00e9volution, nos anc\u00eatres, les plus d\u00e9munis, passaient au moins une ou deux fois devant le notaire de leur village, si Dieu leur en laissait le temps. Les autres, plus ais\u00e9s, le rencontraient fr\u00e9quemment, et pas seulement pour le saluer.<\/div><\/li>\n<li><a class=\"wp-block-latest-posts__post-title\" href=\"https:\/\/www.chroniquesaubieroises.fr\/index.php\/2024\/11\/15\/le-chanvre-a-aubiere\/\">Le chanvre \u00e0 Aubi\u00e8re<\/a><time datetime=\"2024-11-15T18:35:41+01:00\" class=\"wp-block-latest-posts__post-date\">15 novembre 2024<\/time><div class=\"wp-block-latest-posts__post-excerpt\">Il y a quelque temps un \u00e9tal a attir\u00e9 mon attention sur le march\u00e9 d\u2019Aubi\u00e8re : le long de l\u2019Arti\u00e8re rive gauche, un homme proposait \u00e0 la vente des produits d\u00e9riv\u00e9s du chanvre. Jusqu\u2019au XIX\u00e8me si\u00e8cle, nos anc\u00eatres cultivaient le chanvre sur l\u2019autre rive de l\u2019Arti\u00e8re et celles du lac de Sarli\u00e8ve&#8230;\nDe la culture du chanvre \u00e0 la confection des v\u00eatements de nos anc\u00eatres par les tailleurs d\u2019habits, en passant par le travail des ma\u00eetres tisserands, c\u2019est le d\u00e9tour que je vous propose de suivre&#8230;<\/div><\/li>\n<li><a class=\"wp-block-latest-posts__post-title\" href=\"https:\/\/www.chroniquesaubieroises.fr\/index.php\/2024\/10\/11\/francois-degironde-juge-de-paix\/\">Fran\u00e7ois D\u00e9gironde, juge de paix<\/a><time datetime=\"2024-10-11T22:54:12+02:00\" class=\"wp-block-latest-posts__post-date\">11 octobre 2024<\/time><div class=\"wp-block-latest-posts__post-excerpt\">Avant qu\u2019il ne devienne juge de paix, Fran\u00e7ois D\u00e9gironde \u00e9tait un cultivateur et un vigneron comme beaucoup d\u2019Aubi\u00e9rois. Certes, il \u00e9tait issu d\u2019une famille parmi les plus \u00ab honorables \u00bb et les plus ais\u00e9es du canton, mais la nouvelle l\u00e9gislation issue de la R\u00e9volution allait changer son destin.<\/div><\/li>\n<li><a class=\"wp-block-latest-posts__post-title\" href=\"https:\/\/www.chroniquesaubieroises.fr\/index.php\/2024\/09\/19\/la-famille-taillandier\/\">La famille Taillandier<\/a><time datetime=\"2024-09-19T14:06:35+02:00\" class=\"wp-block-latest-posts__post-date\">19 septembre 2024<\/time><div class=\"wp-block-latest-posts__post-excerpt\">Le premier Taillandier d&rsquo;Aubi\u00e8re \u00e9tait Geraldus Talhander.\nCe nom de famille tire son origine dans le m\u00e9tier \u00e9ponyme dont nous allons parler avant de se pencher sur la ou les familles aubi\u00e9roises.<\/div><\/li>\n<li><a class=\"wp-block-latest-posts__post-title\" href=\"https:\/\/www.chroniquesaubieroises.fr\/index.php\/2024\/08\/23\/les-aubeny-une-lignee-de-notaires\/\">Les Aub\u00e9ny, une lign\u00e9e de notaires<\/a><time datetime=\"2024-08-23T09:18:25+02:00\" class=\"wp-block-latest-posts__post-date\">23 ao\u00fbt 2024<\/time><div class=\"wp-block-latest-posts__post-excerpt\">Ce n&rsquo;est pas l&rsquo;\u00e9tude d&rsquo;un patronyme, mais l&rsquo;exemple d&rsquo;une lign\u00e9e professionnelle. Elle va s\u2019\u00e9taler sur plus d&rsquo;un si\u00e8cle, de p\u00e8re en fils, quand ce n&rsquo;est pas les gendres qui prennent le relais&#8230;<\/div><\/li>\n<li><a class=\"wp-block-latest-posts__post-title\" href=\"https:\/\/www.chroniquesaubieroises.fr\/index.php\/2024\/06\/07\/renovation-dune-maison-1720-1729\/\">R\u00e9novation d&rsquo;une maison (1720-1729)<\/a><time datetime=\"2024-06-07T17:27:56+02:00\" class=\"wp-block-latest-posts__post-date\">7 juin 2024<\/time><div class=\"wp-block-latest-posts__post-excerpt\">En ce mois de juillet 1716, Monde Bonnabry vient d\u2019enterrer son second \u00e9poux, Guillaume D\u00e9gironde d\u2019Aoust. Avec ses fils de ce second mariage, elle se r\u00e9sout \u00e0 vendre un cuvage et ses d\u00e9pendances, le tout situ\u00e9 au quartier du Verdier \u00e0 Aubi\u00e8re, \u00e0 Fran\u00e7ois Bayle. Les b\u00e2timents mena\u00e7ant ruines, ce dernier engage des travaux d\u2019entretien en 1720 et 1729, afin qu\u2019ils deviennent habitables&#8230;<\/div><\/li>\n<li><a class=\"wp-block-latest-posts__post-title\" href=\"https:\/\/www.chroniquesaubieroises.fr\/index.php\/2024\/02\/23\/la-meuniere-aux-trois-moulins\/\">La meuni\u00e8re aux trois moulins<\/a><time datetime=\"2024-02-23T12:20:36+01:00\" class=\"wp-block-latest-posts__post-date\">23 f\u00e9vrier 2024<\/time><div class=\"wp-block-latest-posts__post-excerpt\">Quand Clauda Tailhandier se marie le 2 f\u00e9vrier 1694 \u00e0 Aubi\u00e8re avec Pierre Jallat, elle \u00e9pouse le meunier et\u2026 le moulin.<\/div><\/li>\n<li><a class=\"wp-block-latest-posts__post-title\" href=\"https:\/\/www.chroniquesaubieroises.fr\/index.php\/2024\/01\/30\/les-sages-femmes-a-aubiere\/\">Les sages-femmes \u00e0 Aubi\u00e8re<\/a><time datetime=\"2024-01-30T12:07:17+01:00\" class=\"wp-block-latest-posts__post-date\">30 janvier 2024<\/time><div class=\"wp-block-latest-posts__post-excerpt\">Nous allons voir comment la sage-femme \u00e9tait per\u00e7ue \u00e0 travers les \u00e2ges avant de nous pencher sur quelques repr\u00e9sentantes aubi\u00e9roises. Celles-ci furent parfois issues d\u2019une lign\u00e9e de matrones\u2026<\/div><\/li>\n<li><a class=\"wp-block-latest-posts__post-title\" href=\"https:\/\/www.chroniquesaubieroises.fr\/index.php\/2024\/01\/09\/une-saga-de-tisserands\/\">Une saga de tisserands<\/a><time datetime=\"2024-01-09T18:37:59+01:00\" class=\"wp-block-latest-posts__post-date\">9 janvier 2024<\/time><div class=\"wp-block-latest-posts__post-excerpt\">Les recherches provoqu\u00e9es par le couple Chalamaud-Prugnat nous ont permis de mettre en lumi\u00e8re d\u2019autres interrogations sur la fratrie Chalamaud. En particulier, sur l\u2019ascendance de Charles, l\u2019\u00e9poux de Marguerite Prugnat ou Prougnat.\nObservons la fratrie Chalamaud&#8230;\n<\/div><\/li>\n<li><a class=\"wp-block-latest-posts__post-title\" href=\"https:\/\/www.chroniquesaubieroises.fr\/index.php\/2024\/01\/05\/courtage-et-cafes-a-aubiere\/\">Courtage et Caf\u00e9s \u00e0 Aubi\u00e8re<\/a><time datetime=\"2024-01-05T09:46:29+01:00\" class=\"wp-block-latest-posts__post-date\">5 janvier 2024<\/time><div class=\"wp-block-latest-posts__post-excerpt\">Le droit de courtage et la revue de tous les d\u00e9bits de boissons aubi\u00e9rois&#8230;<\/div><\/li>\n<li><a class=\"wp-block-latest-posts__post-title\" href=\"https:\/\/www.chroniquesaubieroises.fr\/index.php\/2024\/01\/01\/des-macons-a-aubiere\/\">Des ma\u00e7ons \u00e0 Aubi\u00e8re<\/a><time datetime=\"2024-01-01T11:13:40+01:00\" class=\"wp-block-latest-posts__post-date\">1 janvier 2024<\/time><div class=\"wp-block-latest-posts__post-excerpt\">Les ann\u00e9es d\u2019abondance du jus de\nla grappe que conna\u00eet ce si\u00e8cle poussent les vignerons \u00e0 stocker leur vin. La\nconstruction des caves s\u2019acc\u00e9l\u00e8re. Les ma\u00e7ons sont donc les bienvenus. C\u2019est\nainsi que les Alligros ont pos\u00e9 leur baluchon \u00e0 Aubi\u00e8re.<\/div><\/li>\n<li><a class=\"wp-block-latest-posts__post-title\" href=\"https:\/\/www.chroniquesaubieroises.fr\/index.php\/2023\/12\/27\/antoine-pezant-horticulteur\/\">Antoine Pezant, horticulteur<\/a><time datetime=\"2023-12-27T16:01:36+01:00\" class=\"wp-block-latest-posts__post-date\">27 d\u00e9cembre 2023<\/time><div class=\"wp-block-latest-posts__post-excerpt\">C\u2019est \u00e0 Aubi\u00e8re, entre la rue du Chambon et l\u2019Arti\u00e8re, que Antoine Pezant, dit Antonin, installa ses champs de semis de dahlias, qui feront de lui un personnage hors du commun et mondialement connu dans la sph\u00e8re de l\u2019horticulture.<\/div><\/li>\n<\/ul>","protected":false},"excerpt":{"rendered":"","protected":false},"author":1,"featured_media":0,"parent":0,"menu_order":0,"comment_status":"closed","ping_status":"closed","template":"","meta":{"_monsterinsights_skip_tracking":false,"_monsterinsights_sitenote_active":false,"_monsterinsights_sitenote_note":"","_monsterinsights_sitenote_category":0,"jetpack_post_was_ever_published":false,"footnotes":""},"class_list":["post-126","page","type-page","status-publish","hentry"],"jetpack_sharing_enabled":true,"_links":{"self":[{"href":"https:\/\/www.chroniquesaubieroises.fr\/index.php\/wp-json\/wp\/v2\/pages\/126","targetHints":{"allow":["GET"]}}],"collection":[{"href":"https:\/\/www.chroniquesaubieroises.fr\/index.php\/wp-json\/wp\/v2\/pages"}],"about":[{"href":"https:\/\/www.chroniquesaubieroises.fr\/index.php\/wp-json\/wp\/v2\/types\/page"}],"author":[{"embeddable":true,"href":"https:\/\/www.chroniquesaubieroises.fr\/index.php\/wp-json\/wp\/v2\/users\/1"}],"replies":[{"embeddable":true,"href":"https:\/\/www.chroniquesaubieroises.fr\/index.php\/wp-json\/wp\/v2\/comments?post=126"}],"version-history":[{"count":6,"href":"https:\/\/www.chroniquesaubieroises.fr\/index.php\/wp-json\/wp\/v2\/pages\/126\/revisions"}],"predecessor-version":[{"id":979,"href":"https:\/\/www.chroniquesaubieroises.fr\/index.php\/wp-json\/wp\/v2\/pages\/126\/revisions\/979"}],"wp:attachment":[{"href":"https:\/\/www.chroniquesaubieroises.fr\/index.php\/wp-json\/wp\/v2\/media?parent=126"}],"curies":[{"name":"wp","href":"https:\/\/api.w.org\/{rel}","templated":true}]}}